{"id":15795,"date":"2026-08-02T22:35:24","date_gmt":"2026-08-02T20:35:24","guid":{"rendered":"https:\/\/www.vemrent.com\/roma-accessibile\/bocca-della-verita\/"},"modified":"2026-08-22T18:20:54","modified_gmt":"2026-08-22T16:20:54","slug":"bocca-della-verita","status":"publish","type":"page","link":"https:\/\/www.vemrent.com\/fr\/roma-accessibile\/bocca-della-verita\/","title":{"rendered":"Bocca della Verit\u00e0 Rome acc\u00e8s mobilit\u00e9 r\u00e9duite"},"content":{"rendered":"<h2>Le monument<\/h2>\n<p>La Bocca della Verit\u00e0 est le c\u00e9l\u00e8bre mascaron en marbre situ\u00e9 dans le portique de l&rsquo;\u00e9glise m\u00e9di\u00e9vale de Santa Maria in Cosmedin. Pour les voyageurs qui pr\u00e9parent leur visite avec des contraintes de mobilit\u00e9, la bocca della verit\u00e0 rome acc\u00e8s mobilit\u00e9 r\u00e9duite est un point \u00e0 anticiper avant de se d\u00e9placer.<\/p>\n<h2>Accessibilit\u00e9 et informations pratiques<\/h2>\n<ul>\n<li>Le portique abritant le mascaron est accessible en montant <strong>quelques marches<\/strong>.<\/li>\n<li>Entr\u00e9e au portique sur <strong>participation libre<\/strong> ; une file d&rsquo;attente est souvent pr\u00e9sente.<\/li>\n<li>L&rsquo;\u00e9glise qui se trouve derri\u00e8re est de structure m\u00e9di\u00e9vale.<\/li>\n<\/ul>\n<div class=\"vrm-ausilio\"><p class=\"vrm-ausilio__title\"><i class=\"fa fa-wheelchair\" aria-hidden=\"true\"><\/i> Quelle aide \u00e0 la mobilit\u00e9 recommandons-nous pour cette visite<\/p><div class=\"vrm-ausilio__text\"><p>Les marches du portique n\u00e9cessitent une assistance avec le fauteuil roulant ; \u00e9valuez si la file d'attente et ces quelques marches rendent la visite confortable.<\/p>\n<\/div><a class=\"vrm-ausilio__btn\" href=\"https:\/\/www.vemrent.com\/fr\/location-fauteuil-roulant-italie\/\">Voir fauteuils roulants conseill\u00e9es <i class=\"fa fa-arrow-right\" aria-hidden=\"true\"><\/i><\/a><\/div>\n<div class=\"vrm-grid2\">\n<div>\n<h2>Tarifs et horaires<\/h2>\n<div class=\"vrm-costi\">\n<p><i class=\"fa fa-ticket-alt\"><\/i> Acc\u00e8s au portique sur participation libre.<\/p>\n<p><i class=\"fa fa-clock\"><\/i> Ouvert en journ\u00e9e avec des horaires variables.<\/p>\n<p><a href=\"https:\/\/www.turismoroma.it\/\" target=\"_blank\" rel=\"noopener\">Informations actualis\u00e9es sur le site officiel <i class=\"fa fa-external-link-alt\" aria-hidden=\"true\"><\/i><\/a><\/p>\n<\/div>\n<\/div>\n<div>\n<h2>Situation g\u00e9ographique<\/h2>\n<div class=\"vr-mappa\"><div class=\"vr-mappa__embed\" id=\"vr-single-map\" data-lat=\"41.8881\" data-lng=\"12.4816\" data-title=\"Bocca della Verit\u00e0 Rome acc\u00e8s mobilit\u00e9 r\u00e9duite\" style=\"height:300px;border-radius:10px;overflow:hidden;background:#f0f0f0;\"><\/div><\/div><\/div>\n<\/div>\n<h2>Comment y acc\u00e9der (itin\u00e9raire adapt\u00e9)<\/h2>\n<div class=\"vrm-arrivo\">\n<div class=\"vrm-arrivo__row\"><i class=\"fa fa-train\"><\/i><\/p>\n<div><strong>Depuis Termini<\/strong> : M\u00e9tro B jusqu&rsquo;\u00e0 \u00ab Circo Massimo \u00bb, puis environ 8 minutes \u00e0 pied<\/div>\n<\/div>\n<div class=\"vrm-arrivo__row\"><i class=\"fa fa-plane\"><\/i><\/p>\n<div><strong>Depuis Fiumicino \/ Ciampino<\/strong> : liaison vers Termini, puis M\u00e9tro B ; en alternative, un transfert porte-\u00e0-porte est possible.<\/div>\n<\/div>\n<div class=\"vrm-arrivo__row\"><i class=\"fa fa-ship\"><\/i><\/p>\n<div><strong>Depuis Civitavecchia (croisi\u00e8res)<\/strong> : train vers Rome puis M\u00e9tro B, ou transfert direct.<\/div>\n<\/div>\n<\/div>\n","protected":false},"excerpt":{"rendered":"<p>Le monument La Bocca della Verit\u00e0 est le c\u00e9l\u00e8bre mascaron en marbre situ\u00e9 dans le portique de l&rsquo;\u00e9glise m\u00e9di\u00e9vale de Santa Maria in Cosmedin. Pour les voyageurs qui pr\u00e9parent leur visite avec des contraintes de mobilit\u00e9, la bocca della verit\u00e0 rome acc\u00e8s mobilit\u00e9 r\u00e9duite est un point \u00e0 anticiper avant de se d\u00e9placer. Accessibilit\u00e9 et [&#8230;]\n","protected":false},"author":0,"featured_media":0,"parent":15536,"menu_order":0,"comment_status":"closed","ping_status":"closed","template":"","meta":{"_acf_changed":false,"footnotes":""},"class_list":["post-15795","page","type-page","status-publish","hentry"],"acf":[],"yoast_head":"<!-- This site is optimized with the Yoast SEO plugin v28.3 - https:\/\/yoast.com\/product\/yoast-seo-wordpress\/ -->\n<title>Bocca della Verit\u00e0 Rome acc\u00e8s mobilit\u00e9 r\u00e9duite<\/title>\n<meta name=\"description\" content=\"Accessibilit\u00e9 PMR de la Bocca della Verit\u00e0 \u00e0 Rome : marches du portique, acc\u00e8s en fauteuil roulant et conseils pour pr\u00e9parer votre visite.\" \/>\n<meta name=\"robots\" content=\"index, follow, max-snippet:-1, max-image-preview:large, max-video-preview:-1\" \/>\n<link rel=\"canonical\" href=\"https:\/\/www.vemrent.com\/fr\/roma-accessibile\/bocca-della-verita\/\" \/>\n<meta property=\"og:locale\" content=\"fr_FR\" \/>\n<meta property=\"og:type\" content=\"article\" \/>\n<meta property=\"og:title\" content=\"Bocca della Verit\u00e0 Rome acc\u00e8s mobilit\u00e9 r\u00e9duite\" \/>\n<meta property=\"og:description\" content=\"Accessibilit\u00e9 PMR de la Bocca della Verit\u00e0 \u00e0 Rome : marches du portique, acc\u00e8s en fauteuil roulant et conseils pour pr\u00e9parer votre visite.\" \/>\n<meta property=\"og:url\" content=\"https:\/\/www.vemrent.com\/fr\/roma-accessibile\/bocca-della-verita\/\" \/>\n<meta property=\"og:site_name\" content=\"VEM Location \u00e0 domicile\" \/>\n<meta property=\"article:publisher\" content=\"https:\/\/www.facebook.com\/vemelettromedicali\/\" \/>\n<meta property=\"article:modified_time\" content=\"2026-08-22T16:20:54+00:00\" \/>\n<meta name=\"twitter:label1\" content=\"Dur\u00e9e de lecture estim\u00e9e\" \/>\n\t<meta name=\"twitter:data1\" content=\"1 minute\" \/>\n<script type=\"application\/ld+json\" class=\"yoast-schema-graph\">{\"@context\":\"https:\\\/\\\/schema.org\",\"@graph\":[{\"@type\":\"WebPage\",\"@id\":\"https:\\\/\\\/www.vemrent.com\\\/fr\\\/roma-accessibile\\\/bocca-della-verita\\\/\",\"url\":\"https:\\\/\\\/www.vemrent.com\\\/fr\\\/roma-accessibile\\\/bocca-della-verita\\\/\",\"name\":\"Bocca della Verit\u00e0 Rome acc\u00e8s mobilit\u00e9 r\u00e9duite\",\"isPartOf\":{\"@id\":\"https:\\\/\\\/www.vemrent.com\\\/#website\"},\"datePublished\":\"2026-08-02T20:35:24+00:00\",\"dateModified\":\"2026-08-22T16:20:54+00:00\",\"description\":\"Accessibilit\u00e9 PMR de la Bocca della Verit\u00e0 \u00e0 Rome : marches du portique, acc\u00e8s en fauteuil roulant et conseils pour pr\u00e9parer votre visite.\",\"breadcrumb\":{\"@id\":\"https:\\\/\\\/www.vemrent.com\\\/fr\\\/roma-accessibile\\\/bocca-della-verita\\\/#breadcrumb\"},\"inLanguage\":\"fr-FR\",\"potentialAction\":[{\"@type\":\"ReadAction\",\"target\":[\"https:\\\/\\\/www.vemrent.com\\\/fr\\\/roma-accessibile\\\/bocca-della-verita\\\/\"]}]},{\"@type\":\"BreadcrumbList\",\"@id\":\"https:\\\/\\\/www.vemrent.com\\\/fr\\\/roma-accessibile\\\/bocca-della-verita\\\/#breadcrumb\",\"itemListElement\":[{\"@type\":\"ListItem\",\"position\":1,\"name\":\"Home\",\"item\":\"https:\\\/\\\/www.vemrent.com\\\/fr\\\/\"},{\"@type\":\"ListItem\",\"position\":2,\"name\":\"Colosseum Rome accessibilit\u00e9 fauteuil roulant : guide comple\",\"item\":\"https:\\\/\\\/www.vemrent.com\\\/fr\\\/roma-accessibile\\\/\"},{\"@type\":\"ListItem\",\"position\":3,\"name\":\"Bocca della Verit\u00e0 Rome acc\u00e8s mobilit\u00e9 r\u00e9duite\"}]},{\"@type\":\"WebSite\",\"@id\":\"https:\\\/\\\/www.vemrent.com\\\/#website\",\"url\":\"https:\\\/\\\/www.vemrent.com\\\/\",\"name\":\"VEM Location \u00e0 domicile\",\"description\":\"Location d'aides \u00e0 la mobilit\u00e9 et de r\u00e9\u00e9ducation\",\"publisher\":{\"@id\":\"https:\\\/\\\/www.vemrent.com\\\/#organization\"},\"potentialAction\":[{\"@type\":\"SearchAction\",\"target\":{\"@type\":\"EntryPoint\",\"urlTemplate\":\"https:\\\/\\\/www.vemrent.com\\\/?s={search_term_string}\"},\"query-input\":{\"@type\":\"PropertyValueSpecification\",\"valueRequired\":true,\"valueName\":\"search_term_string\"}}],\"inLanguage\":\"fr-FR\"},{\"@type\":\"Organization\",\"@id\":\"https:\\\/\\\/www.vemrent.com\\\/#organization\",\"name\":\"VEM\",\"url\":\"https:\\\/\\\/www.vemrent.com\\\/\",\"logo\":{\"@type\":\"ImageObject\",\"inLanguage\":\"fr-FR\",\"@id\":\"https:\\\/\\\/www.vemrent.com\\\/#\\\/schema\\\/logo\\\/image\\\/\",\"url\":\"https:\\\/\\\/www.vemrent.com\\\/wp-content\\\/uploads\\\/2018\\\/02\\\/VEM_190x60.png\",\"contentUrl\":\"https:\\\/\\\/www.vemrent.com\\\/wp-content\\\/uploads\\\/2018\\\/02\\\/VEM_190x60.png\",\"width\":190,\"height\":52,\"caption\":\"VEM\"},\"image\":{\"@id\":\"https:\\\/\\\/www.vemrent.com\\\/#\\\/schema\\\/logo\\\/image\\\/\"},\"sameAs\":[\"https:\\\/\\\/www.facebook.com\\\/vemelettromedicali\\\/\",\"https:\\\/\\\/x.com\\\/vemrent_italy\",\"https:\\\/\\\/www.instagram.com\\\/vemrent\\\/\",\"https:\\\/\\\/www.linkedin.com\\\/company\\\/vemrent\\\/\",\"https:\\\/\\\/www.youtube.com\\\/channel\\\/UCVPNGLNXXMw1r2bP0BUNFwg\\\/featured\"]}]}<\/script>\n<!-- \/ Yoast SEO plugin. -->","yoast_head_json":{"title":"Bocca della Verit\u00e0 Rome acc\u00e8s mobilit\u00e9 r\u00e9duite","description":"Accessibilit\u00e9 PMR de la Bocca della Verit\u00e0 \u00e0 Rome : marches du portique, acc\u00e8s en fauteuil roulant et conseils pour pr\u00e9parer votre visite.","robots":{"index":"index","follow":"follow","max-snippet":"max-snippet:-1","max-image-preview":"max-image-preview:large","max-video-preview":"max-video-preview:-1"},"canonical":"https:\/\/www.vemrent.com\/fr\/roma-accessibile\/bocca-della-verita\/","og_locale":"fr_FR","og_type":"article","og_title":"Bocca della Verit\u00e0 Rome acc\u00e8s mobilit\u00e9 r\u00e9duite","og_description":"Accessibilit\u00e9 PMR de la Bocca della Verit\u00e0 \u00e0 Rome : marches du portique, acc\u00e8s en fauteuil roulant et conseils pour pr\u00e9parer votre visite.","og_url":"https:\/\/www.vemrent.com\/fr\/roma-accessibile\/bocca-della-verita\/","og_site_name":"VEM Location \u00e0 domicile","article_publisher":"https:\/\/www.facebook.com\/vemelettromedicali\/","article_modified_time":"2026-08-22T16:20:54+00:00","twitter_misc":{"Dur\u00e9e de lecture estim\u00e9e":"1 minute"},"schema":{"@context":"https:\/\/schema.org","@graph":[{"@type":"WebPage","@id":"https:\/\/www.vemrent.com\/fr\/roma-accessibile\/bocca-della-verita\/","url":"https:\/\/www.vemrent.com\/fr\/roma-accessibile\/bocca-della-verita\/","name":"Bocca della Verit\u00e0 Rome acc\u00e8s mobilit\u00e9 r\u00e9duite","isPartOf":{"@id":"https:\/\/www.vemrent.com\/#website"},"datePublished":"2026-08-02T20:35:24+00:00","dateModified":"2026-08-22T16:20:54+00:00","description":"Accessibilit\u00e9 PMR de la Bocca della Verit\u00e0 \u00e0 Rome : marches du portique, acc\u00e8s en fauteuil roulant et conseils pour pr\u00e9parer votre visite.","breadcrumb":{"@id":"https:\/\/www.vemrent.com\/fr\/roma-accessibile\/bocca-della-verita\/#breadcrumb"},"inLanguage":"fr-FR","potentialAction":[{"@type":"ReadAction","target":["https:\/\/www.vemrent.com\/fr\/roma-accessibile\/bocca-della-verita\/"]}]},{"@type":"BreadcrumbList","@id":"https:\/\/www.vemrent.com\/fr\/roma-accessibile\/bocca-della-verita\/#breadcrumb","itemListElement":[{"@type":"ListItem","position":1,"name":"Home","item":"https:\/\/www.vemrent.com\/fr\/"},{"@type":"ListItem","position":2,"name":"Colosseum Rome accessibilit\u00e9 fauteuil roulant : guide comple","item":"https:\/\/www.vemrent.com\/fr\/roma-accessibile\/"},{"@type":"ListItem","position":3,"name":"Bocca della Verit\u00e0 Rome acc\u00e8s mobilit\u00e9 r\u00e9duite"}]},{"@type":"WebSite","@id":"https:\/\/www.vemrent.com\/#website","url":"https:\/\/www.vemrent.com\/","name":"VEM Location \u00e0 domicile","description":"Location d'aides \u00e0 la mobilit\u00e9 et de r\u00e9\u00e9ducation","publisher":{"@id":"https:\/\/www.vemrent.com\/#organization"},"potentialAction":[{"@type":"SearchAction","target":{"@type":"EntryPoint","urlTemplate":"https:\/\/www.vemrent.com\/?s={search_term_string}"},"query-input":{"@type":"PropertyValueSpecification","valueRequired":true,"valueName":"search_term_string"}}],"inLanguage":"fr-FR"},{"@type":"Organization","@id":"https:\/\/www.vemrent.com\/#organization","name":"VEM","url":"https:\/\/www.vemrent.com\/","logo":{"@type":"ImageObject","inLanguage":"fr-FR","@id":"https:\/\/www.vemrent.com\/#\/schema\/logo\/image\/","url":"https:\/\/www.vemrent.com\/wp-content\/uploads\/2018\/02\/VEM_190x60.png","contentUrl":"https:\/\/www.vemrent.com\/wp-content\/uploads\/2018\/02\/VEM_190x60.png","width":190,"height":52,"caption":"VEM"},"image":{"@id":"https:\/\/www.vemrent.com\/#\/schema\/logo\/image\/"},"sameAs":["https:\/\/www.facebook.com\/vemelettromedicali\/","https:\/\/x.com\/vemrent_italy","https:\/\/www.instagram.com\/vemrent\/","https:\/\/www.linkedin.com\/company\/vemrent\/","https:\/\/www.youtube.com\/channel\/UCVPNGLNXXMw1r2bP0BUNFwg\/featured"]}]}},"_links":{"self":[{"href":"https:\/\/www.vemrent.com\/fr\/wp-json\/wp\/v2\/pages\/15795","targetHints":{"allow":["GET"]}}],"collection":[{"href":"https:\/\/www.vemrent.com\/fr\/wp-json\/wp\/v2\/pages"}],"about":[{"href":"https:\/\/www.vemrent.com\/fr\/wp-json\/wp\/v2\/types\/page"}],"replies":[{"embeddable":true,"href":"https:\/\/www.vemrent.com\/fr\/wp-json\/wp\/v2\/comments?post=15795"}],"version-history":[{"count":1,"href":"https:\/\/www.vemrent.com\/fr\/wp-json\/wp\/v2\/pages\/15795\/revisions"}],"predecessor-version":[{"id":22910,"href":"https:\/\/www.vemrent.com\/fr\/wp-json\/wp\/v2\/pages\/15795\/revisions\/22910"}],"up":[{"embeddable":true,"href":"https:\/\/www.vemrent.com\/fr\/wp-json\/wp\/v2\/pages\/15536"}],"wp:attachment":[{"href":"https:\/\/www.vemrent.com\/fr\/wp-json\/wp\/v2\/media?parent=15795"}],"curies":[{"name":"wp","href":"https:\/\/api.w.org\/{rel}","templated":true}]}}