{"id":15782,"date":"2026-08-02T22:35:24","date_gmt":"2026-08-02T20:35:24","guid":{"rendered":"https:\/\/www.vemrent.com\/roma-accessibile\/piazza-del-popolo\/"},"modified":"2026-08-22T18:21:04","modified_gmt":"2026-08-22T16:21:04","slug":"piazza-del-popolo","status":"publish","type":"page","link":"https:\/\/www.vemrent.com\/de\/roma-accessibile\/piazza-del-popolo\/","title":{"rendered":"Piazza del Popolo barrierefrei: Rom zug\u00e4nglich"},"content":{"rendered":"<h2>Das Denkmal<\/h2>\n<p>Die Piazza del Popolo ist ein gro\u00dfer neoklassizistischer Platz mit einem \u00e4gyptischen Obelisken im Zentrum und den ber\u00fchmten Zwillingskirchen, ideal f\u00fcr alle, die Rom barrierefrei erkunden m\u00f6chten.<\/p>\n<h2>Barrierefreiheit und Verg\u00fcnstigungen<\/h2>\n<ul>\n<li><strong>Freier Zugang<\/strong>, weitl\u00e4ufig und <strong>eben<\/strong>, mit \u00fcberwiegend glattem Untergrund.<\/li>\n<li>Einer der rollstuhlfreundlichsten Pl\u00e4tze der Stadt.<\/li>\n<\/ul>\n<div class=\"vrm-ausilio\"><p class=\"vrm-ausilio__title\"><i class=\"fa fa-wheelchair\" aria-hidden=\"true\"><\/i> Welches Hilfsmittel wir f\u00fcr diesen Besuch empfehlen<\/p><div class=\"vrm-ausilio__text\"><p>Ein weitl\u00e4ufiger, ebener und glatter Platz: einer der bequemsten f\u00fcr den Rollstuhl, auch f\u00fcr einen handels\u00fcblichen manuellen Rollstuhl.<\/p>\n<\/div><a class=\"vrm-ausilio__btn\" href=\"https:\/\/www.vemrent.com\/de\/rollstuhl-verleih-rom\/\">Empfohlene rollst\u00fchle anzeigen <i class=\"fa fa-arrow-right\" aria-hidden=\"true\"><\/i><\/a><\/div>\n<div class=\"vrm-grid2\">\n<div>\n<h2>Kosten und \u00d6ffnungszeiten<\/h2>\n<div class=\"vrm-costi\">\n<p><i class=\"fa fa-ticket-alt\"><\/i> Eintritt frei.<\/p>\n<p><i class=\"fa fa-clock\"><\/i> Jederzeit zug\u00e4nglich, da es sich um einen Au\u00dfenbereich handelt.<\/p>\n<p><a href=\"https:\/\/www.turismoroma.it\/\" target=\"_blank\" rel=\"noopener\">Aktuelle Informationen auf der offiziellen Website <i class=\"fa fa-external-link-alt\" aria-hidden=\"true\"><\/i><\/a><\/p>\n<\/div>\n<\/div>\n<div>\n<h2>Lage<\/h2>\n<div class=\"vr-mappa\"><div class=\"vr-mappa__embed\" id=\"vr-single-map\" data-lat=\"41.9110\" data-lng=\"12.4765\" data-title=\"Piazza del Popolo barrierefrei: Rom zug\u00e4nglich\" style=\"height:300px;border-radius:10px;overflow:hidden;background:#f0f0f0;\"><\/div><\/div><\/div>\n<\/div>\n<h2>Anreise (barrierefrei)<\/h2>\n<div class=\"vrm-arrivo\">\n<div class=\"vrm-arrivo__row\"><i class=\"fa fa-train\"><\/i><\/p>\n<div><strong>Ab Termini<\/strong>: Metro Linie A bis \u201eFlaminio&#8220;, direkt am Platz<\/div>\n<\/div>\n<div class=\"vrm-arrivo__row\"><i class=\"fa fa-plane\"><\/i><\/p>\n<div><strong>Ab Fiumicino \/ Ciampino<\/strong>: Verbindung nach Termini, dann Metro Linie A; alternativ ein T\u00fcr-zu-T\u00fcr-Transfer.<\/div>\n<\/div>\n<div class=\"vrm-arrivo__row\"><i class=\"fa fa-ship\"><\/i><\/p>\n<div><strong>Ab Civitavecchia (Kreuzfahrten)<\/strong>: Zug nach Rom und Metro Linie A, oder direkter Transfer.<\/div>\n<\/div>\n<\/div>\n","protected":false},"excerpt":{"rendered":"<p>Das Denkmal Die Piazza del Popolo ist ein gro\u00dfer neoklassizistischer Platz mit einem \u00e4gyptischen Obelisken im Zentrum und den ber\u00fchmten Zwillingskirchen, ideal f\u00fcr alle, die Rom barrierefrei erkunden m\u00f6chten. Barrierefreiheit und Verg\u00fcnstigungen Freier Zugang, weitl\u00e4ufig und eben, mit \u00fcberwiegend glattem Untergrund. Einer der rollstuhlfreundlichsten Pl\u00e4tze der Stadt. Kosten und \u00d6ffnungszeiten Eintritt frei. Jederzeit zug\u00e4nglich, da [&#8230;]\n","protected":false},"author":0,"featured_media":0,"parent":15537,"menu_order":0,"comment_status":"closed","ping_status":"closed","template":"","meta":{"_acf_changed":false,"footnotes":""},"class_list":["post-15782","page","type-page","status-publish","hentry"],"acf":[],"yoast_head":"<!-- This site is optimized with the Yoast SEO plugin v28.3 - https:\/\/yoast.com\/product\/yoast-seo-wordpress\/ -->\n<title>Piazza del Popolo barrierefrei: Rom zug\u00e4nglich<\/title>\n<meta name=\"description\" content=\"Piazza del Popolo barrierefrei besuchen: Zug\u00e4nge, Rampen und Tipps f\u00fcr Rollstuhlfahrer in Rom. Planen Sie Ihren Ausflug entspannt mit VemRent.\" \/>\n<meta name=\"robots\" content=\"index, follow, max-snippet:-1, max-image-preview:large, max-video-preview:-1\" \/>\n<link rel=\"canonical\" href=\"https:\/\/www.vemrent.com\/de\/roma-accessibile\/piazza-del-popolo\/\" \/>\n<meta property=\"og:locale\" content=\"de_DE\" \/>\n<meta property=\"og:type\" content=\"article\" \/>\n<meta property=\"og:title\" content=\"Piazza del Popolo barrierefrei: Rom zug\u00e4nglich\" \/>\n<meta property=\"og:description\" content=\"Piazza del Popolo barrierefrei besuchen: Zug\u00e4nge, Rampen und Tipps f\u00fcr Rollstuhlfahrer in Rom. Planen Sie Ihren Ausflug entspannt mit VemRent.\" \/>\n<meta property=\"og:url\" content=\"https:\/\/www.vemrent.com\/de\/roma-accessibile\/piazza-del-popolo\/\" \/>\n<meta property=\"og:site_name\" content=\"VEM Vermietung mit Lieferung\" \/>\n<meta property=\"article:publisher\" content=\"https:\/\/www.facebook.com\/vemelettromedicali\/\" \/>\n<meta property=\"article:modified_time\" content=\"2026-08-22T16:21:04+00:00\" \/>\n<meta name=\"twitter:label1\" content=\"Gesch\u00e4tzte Lesezeit\" \/>\n\t<meta name=\"twitter:data1\" content=\"1\u00a0Minute\" \/>\n<script type=\"application\/ld+json\" class=\"yoast-schema-graph\">{\"@context\":\"https:\\\/\\\/schema.org\",\"@graph\":[{\"@type\":\"WebPage\",\"@id\":\"https:\\\/\\\/www.vemrent.com\\\/de\\\/roma-accessibile\\\/piazza-del-popolo\\\/\",\"url\":\"https:\\\/\\\/www.vemrent.com\\\/de\\\/roma-accessibile\\\/piazza-del-popolo\\\/\",\"name\":\"Piazza del Popolo barrierefrei: Rom zug\u00e4nglich\",\"isPartOf\":{\"@id\":\"https:\\\/\\\/www.vemrent.com\\\/#website\"},\"datePublished\":\"2026-08-02T20:35:24+00:00\",\"dateModified\":\"2026-08-22T16:21:04+00:00\",\"description\":\"Piazza del Popolo barrierefrei besuchen: Zug\u00e4nge, Rampen und Tipps f\u00fcr Rollstuhlfahrer in Rom. Planen Sie Ihren Ausflug entspannt mit VemRent.\",\"breadcrumb\":{\"@id\":\"https:\\\/\\\/www.vemrent.com\\\/de\\\/roma-accessibile\\\/piazza-del-popolo\\\/#breadcrumb\"},\"inLanguage\":\"de\",\"potentialAction\":[{\"@type\":\"ReadAction\",\"target\":[\"https:\\\/\\\/www.vemrent.com\\\/de\\\/roma-accessibile\\\/piazza-del-popolo\\\/\"]}]},{\"@type\":\"BreadcrumbList\",\"@id\":\"https:\\\/\\\/www.vemrent.com\\\/de\\\/roma-accessibile\\\/piazza-del-popolo\\\/#breadcrumb\",\"itemListElement\":[{\"@type\":\"ListItem\",\"position\":1,\"name\":\"Home\",\"item\":\"https:\\\/\\\/www.vemrent.com\\\/de\\\/\"},{\"@type\":\"ListItem\",\"position\":2,\"name\":\"Rom Rollstuhl Zugang: Tipps f\u00fcr barrierefreies Reisen\",\"item\":\"https:\\\/\\\/www.vemrent.com\\\/de\\\/roma-accessibile\\\/\"},{\"@type\":\"ListItem\",\"position\":3,\"name\":\"Piazza del Popolo barrierefrei: Rom zug\u00e4nglich\"}]},{\"@type\":\"WebSite\",\"@id\":\"https:\\\/\\\/www.vemrent.com\\\/#website\",\"url\":\"https:\\\/\\\/www.vemrent.com\\\/\",\"name\":\"VEM Vermietung mit Lieferung\",\"description\":\"Vermietung von Mobilit\u00e4ts- und Reha-Hilfsmitteln\",\"publisher\":{\"@id\":\"https:\\\/\\\/www.vemrent.com\\\/#organization\"},\"potentialAction\":[{\"@type\":\"SearchAction\",\"target\":{\"@type\":\"EntryPoint\",\"urlTemplate\":\"https:\\\/\\\/www.vemrent.com\\\/?s={search_term_string}\"},\"query-input\":{\"@type\":\"PropertyValueSpecification\",\"valueRequired\":true,\"valueName\":\"search_term_string\"}}],\"inLanguage\":\"de\"},{\"@type\":\"Organization\",\"@id\":\"https:\\\/\\\/www.vemrent.com\\\/#organization\",\"name\":\"VEM\",\"url\":\"https:\\\/\\\/www.vemrent.com\\\/\",\"logo\":{\"@type\":\"ImageObject\",\"inLanguage\":\"de\",\"@id\":\"https:\\\/\\\/www.vemrent.com\\\/#\\\/schema\\\/logo\\\/image\\\/\",\"url\":\"https:\\\/\\\/www.vemrent.com\\\/wp-content\\\/uploads\\\/2018\\\/02\\\/VEM_190x60.png\",\"contentUrl\":\"https:\\\/\\\/www.vemrent.com\\\/wp-content\\\/uploads\\\/2018\\\/02\\\/VEM_190x60.png\",\"width\":190,\"height\":52,\"caption\":\"VEM\"},\"image\":{\"@id\":\"https:\\\/\\\/www.vemrent.com\\\/#\\\/schema\\\/logo\\\/image\\\/\"},\"sameAs\":[\"https:\\\/\\\/www.facebook.com\\\/vemelettromedicali\\\/\",\"https:\\\/\\\/x.com\\\/vemrent_italy\",\"https:\\\/\\\/www.instagram.com\\\/vemrent\\\/\",\"https:\\\/\\\/www.linkedin.com\\\/company\\\/vemrent\\\/\",\"https:\\\/\\\/www.youtube.com\\\/channel\\\/UCVPNGLNXXMw1r2bP0BUNFwg\\\/featured\"]}]}<\/script>\n<!-- \/ Yoast SEO plugin. -->","yoast_head_json":{"title":"Piazza del Popolo barrierefrei: Rom zug\u00e4nglich","description":"Piazza del Popolo barrierefrei besuchen: Zug\u00e4nge, Rampen und Tipps f\u00fcr Rollstuhlfahrer in Rom. Planen Sie Ihren Ausflug entspannt mit VemRent.","robots":{"index":"index","follow":"follow","max-snippet":"max-snippet:-1","max-image-preview":"max-image-preview:large","max-video-preview":"max-video-preview:-1"},"canonical":"https:\/\/www.vemrent.com\/de\/roma-accessibile\/piazza-del-popolo\/","og_locale":"de_DE","og_type":"article","og_title":"Piazza del Popolo barrierefrei: Rom zug\u00e4nglich","og_description":"Piazza del Popolo barrierefrei besuchen: Zug\u00e4nge, Rampen und Tipps f\u00fcr Rollstuhlfahrer in Rom. Planen Sie Ihren Ausflug entspannt mit VemRent.","og_url":"https:\/\/www.vemrent.com\/de\/roma-accessibile\/piazza-del-popolo\/","og_site_name":"VEM Vermietung mit Lieferung","article_publisher":"https:\/\/www.facebook.com\/vemelettromedicali\/","article_modified_time":"2026-08-22T16:21:04+00:00","twitter_misc":{"Gesch\u00e4tzte Lesezeit":"1\u00a0Minute"},"schema":{"@context":"https:\/\/schema.org","@graph":[{"@type":"WebPage","@id":"https:\/\/www.vemrent.com\/de\/roma-accessibile\/piazza-del-popolo\/","url":"https:\/\/www.vemrent.com\/de\/roma-accessibile\/piazza-del-popolo\/","name":"Piazza del Popolo barrierefrei: Rom zug\u00e4nglich","isPartOf":{"@id":"https:\/\/www.vemrent.com\/#website"},"datePublished":"2026-08-02T20:35:24+00:00","dateModified":"2026-08-22T16:21:04+00:00","description":"Piazza del Popolo barrierefrei besuchen: Zug\u00e4nge, Rampen und Tipps f\u00fcr Rollstuhlfahrer in Rom. Planen Sie Ihren Ausflug entspannt mit VemRent.","breadcrumb":{"@id":"https:\/\/www.vemrent.com\/de\/roma-accessibile\/piazza-del-popolo\/#breadcrumb"},"inLanguage":"de","potentialAction":[{"@type":"ReadAction","target":["https:\/\/www.vemrent.com\/de\/roma-accessibile\/piazza-del-popolo\/"]}]},{"@type":"BreadcrumbList","@id":"https:\/\/www.vemrent.com\/de\/roma-accessibile\/piazza-del-popolo\/#breadcrumb","itemListElement":[{"@type":"ListItem","position":1,"name":"Home","item":"https:\/\/www.vemrent.com\/de\/"},{"@type":"ListItem","position":2,"name":"Rom Rollstuhl Zugang: Tipps f\u00fcr barrierefreies Reisen","item":"https:\/\/www.vemrent.com\/de\/roma-accessibile\/"},{"@type":"ListItem","position":3,"name":"Piazza del Popolo barrierefrei: Rom zug\u00e4nglich"}]},{"@type":"WebSite","@id":"https:\/\/www.vemrent.com\/#website","url":"https:\/\/www.vemrent.com\/","name":"VEM Vermietung mit Lieferung","description":"Vermietung von Mobilit\u00e4ts- und Reha-Hilfsmitteln","publisher":{"@id":"https:\/\/www.vemrent.com\/#organization"},"potentialAction":[{"@type":"SearchAction","target":{"@type":"EntryPoint","urlTemplate":"https:\/\/www.vemrent.com\/?s={search_term_string}"},"query-input":{"@type":"PropertyValueSpecification","valueRequired":true,"valueName":"search_term_string"}}],"inLanguage":"de"},{"@type":"Organization","@id":"https:\/\/www.vemrent.com\/#organization","name":"VEM","url":"https:\/\/www.vemrent.com\/","logo":{"@type":"ImageObject","inLanguage":"de","@id":"https:\/\/www.vemrent.com\/#\/schema\/logo\/image\/","url":"https:\/\/www.vemrent.com\/wp-content\/uploads\/2018\/02\/VEM_190x60.png","contentUrl":"https:\/\/www.vemrent.com\/wp-content\/uploads\/2018\/02\/VEM_190x60.png","width":190,"height":52,"caption":"VEM"},"image":{"@id":"https:\/\/www.vemrent.com\/#\/schema\/logo\/image\/"},"sameAs":["https:\/\/www.facebook.com\/vemelettromedicali\/","https:\/\/x.com\/vemrent_italy","https:\/\/www.instagram.com\/vemrent\/","https:\/\/www.linkedin.com\/company\/vemrent\/","https:\/\/www.youtube.com\/channel\/UCVPNGLNXXMw1r2bP0BUNFwg\/featured"]}]}},"_links":{"self":[{"href":"https:\/\/www.vemrent.com\/de\/wp-json\/wp\/v2\/pages\/15782","targetHints":{"allow":["GET"]}}],"collection":[{"href":"https:\/\/www.vemrent.com\/de\/wp-json\/wp\/v2\/pages"}],"about":[{"href":"https:\/\/www.vemrent.com\/de\/wp-json\/wp\/v2\/types\/page"}],"replies":[{"embeddable":true,"href":"https:\/\/www.vemrent.com\/de\/wp-json\/wp\/v2\/comments?post=15782"}],"version-history":[{"count":2,"href":"https:\/\/www.vemrent.com\/de\/wp-json\/wp\/v2\/pages\/15782\/revisions"}],"predecessor-version":[{"id":23104,"href":"https:\/\/www.vemrent.com\/de\/wp-json\/wp\/v2\/pages\/15782\/revisions\/23104"}],"up":[{"embeddable":true,"href":"https:\/\/www.vemrent.com\/de\/wp-json\/wp\/v2\/pages\/15537"}],"wp:attachment":[{"href":"https:\/\/www.vemrent.com\/de\/wp-json\/wp\/v2\/media?parent=15782"}],"curies":[{"name":"wp","href":"https:\/\/api.w.org\/{rel}","templated":true}]}}