{"id":15537,"date":"2026-08-02T22:35:13","date_gmt":"2026-08-02T20:35:13","guid":{"rendered":"https:\/\/www.vemrent.com\/roma-accessibile\/"},"modified":"2026-08-17T16:24:26","modified_gmt":"2026-08-17T14:24:26","slug":"roma-accessibile","status":"publish","type":"page","link":"https:\/\/www.vemrent.com\/de\/roma-accessibile\/","title":{"rendered":"Rom Rollstuhl Zugang: Tipps f\u00fcr barrierefreies Reisen"},"content":{"rendered":"<p style=\"font-size:1.08em;line-height:1.7\">VemRent hat die wichtigsten Sehensw\u00fcrdigkeiten Roms unter dem Gesichtspunkt der <strong>Barrierefreiheit<\/strong> erfasst: mit allen wichtigen Informationen zum Rollstuhlzugang in Rom, Verg\u00fcnstigungen f\u00fcr Besucher mit Behinderung, Eintrittspreise und Anreisem\u00f6glichkeiten. Ein praktischer Reisef\u00fchrer, um den Aufenthalt in Rom auch mit eingeschr\u00e4nkter Mobilit\u00e4t entspannt zu planen.<\/p>\n<h2 style=\"font-family:Inter,sans-serif;color:#2d2d2d;margin:1.5rem 0 .8rem\">Barrierefreie Sehensw\u00fcrdigkeiten in Rom<\/h2>\n<div style=\"display:grid;grid-template-columns:repeat(auto-fill,minmax(230px,1fr));gap:10px;margin-bottom:2rem\"><a href=\"https:\/\/www.vemrent.com\/de\/roma-accessibile\/castel-santangelo\/\" style=\"display:block;padding:12px 14px;border:1px solid #e8e8e8;border-radius:10px;text-decoration:none;color:#26215C;font-weight:600;background:#fff\"><i class=\"fa fa-wheelchair\" style=\"color:#3a7230;margin-right:7px\"><\/i>Basilika San Paolo<\/a><a href=\"https:\/\/www.vemrent.com\/de\/roma-accessibile\/pantheon\/\" style=\"display:block;padding:12px 14px;border:1px solid #e8e8e8;border-radius:10px;text-decoration:none;color:#26215C;font-weight:600;background:#fff\"><i class=\"fa fa-wheelchair\" style=\"color:#3a7230;margin-right:7px\"><\/i>Petersbasilika<\/a><a href=\"https:\/\/www.vemrent.com\/de\/roma-accessibile\/trastevere\/\" style=\"display:block;padding:12px 14px;border:1px solid #e8e8e8;border-radius:10px;text-decoration:none;color:#26215C;font-weight:600;background:#fff\"><i class=\"fa fa-wheelchair\" style=\"color:#3a7230;margin-right:7px\"><\/i>Bocca della Verit\u00e0<\/a><a href=\"https:\/\/www.vemrent.com\/wp-content\/uploads\/2026\/06\/vemrent-poi-wiki-basilica-di-san-paolo.jpg\" style=\"display:block;padding:12px 14px;border:1px solid #e8e8e8;border-radius:10px;text-decoration:none;color:#26215C;font-weight:600;background:#fff\"><i class=\"fa fa-wheelchair\" style=\"color:#3a7230;margin-right:7px\"><\/i>Campo de&#8217; Fiori<\/a><a href=\"https:\/\/www.vemrent.com\/wp-content\/uploads\/2026\/06\/vemrent-poi-wiki-villa-borghese.jpg\" style=\"display:block;padding:12px 14px;border:1px solid #e8e8e8;border-radius:10px;text-decoration:none;color:#26215C;font-weight:600;background:#fff\"><i class=\"fa fa-wheelchair\" style=\"color:#3a7230;margin-right:7px\"><\/i>Engelsburg<\/a><a href=\"https:\/\/www.vemrent.com\/wp-content\/uploads\/2026\/06\/vemrent-poi-wiki-basilica-di-san-pietro.jpg\" style=\"display:block;padding:12px 14px;border:1px solid #e8e8e8;border-radius:10px;text-decoration:none;color:#26215C;font-weight:600;background:#fff\"><i class=\"fa fa-wheelchair\" style=\"color:#3a7230;margin-right:7px\"><\/i>Katakomben<\/a><a href=\"https:\/\/www.vemrent.com\/de\/roma-accessibile\/parco-degli-aranci\/\" style=\"display:block;padding:12px 14px;border:1px solid #e8e8e8;border-radius:10px;text-decoration:none;color:#26215C;font-weight:600;background:#fff\"><i class=\"fa fa-wheelchair\" style=\"color:#3a7230;margin-right:7px\"><\/i>Circus Maximus<\/a><a href=\"https:\/\/www.vemrent.com\/de\/roma-accessibile\/piazza-di-spagna\/\" style=\"display:block;padding:12px 14px;border:1px solid #e8e8e8;border-radius:10px;text-decoration:none;color:#26215C;font-weight:600;background:#fff\"><i class=\"fa fa-wheelchair\" style=\"color:#3a7230;margin-right:7px\"><\/i>Kolosseum<\/a><a href=\"https:\/\/www.vemrent.com\/de\/roma-accessibile\/piazza-venezia\/\" style=\"display:block;padding:12px 14px;border:1px solid #e8e8e8;border-radius:10px;text-decoration:none;color:#26215C;font-weight:600;background:#fff\"><i class=\"fa fa-wheelchair\" style=\"color:#3a7230;margin-right:7px\"><\/i>Trevi-Brunnen<\/a><a href=\"https:\/\/www.vemrent.com\/wp-content\/uploads\/2026\/06\/vemrent-poi-wiki-bocca-della-verita.jpg\" style=\"display:block;padding:12px 14px;border:1px solid #e8e8e8;border-radius:10px;text-decoration:none;color:#26215C;font-weight:600;background:#fff\"><i class=\"fa fa-wheelchair\" style=\"color:#3a7230;margin-right:7px\"><\/i>Forum Romanum und Palatin<\/a><a href=\"https:\/\/www.vemrent.com\/wp-content\/uploads\/2026\/06\/vemrent-poi-wiki-parco-degli-aranci.jpg\" style=\"display:block;padding:12px 14px;border:1px solid #e8e8e8;border-radius:10px;text-decoration:none;color:#26215C;font-weight:600;background:#fff\"><i class=\"fa fa-wheelchair\" style=\"color:#3a7230;margin-right:7px\"><\/i>Galleria Borghese<\/a><a href=\"https:\/\/www.vemrent.com\/de\/roma-accessibile\/foro-romano-e-palatino\/\" style=\"display:block;padding:12px 14px;border:1px solid #e8e8e8;border-radius:10px;text-decoration:none;color:#26215C;font-weight:600;background:#fff\"><i class=\"fa fa-wheelchair\" style=\"color:#3a7230;margin-right:7px\"><\/i>Vatikanische Museen<\/a><a href=\"https:\/\/www.vemrent.com\/wp-content\/uploads\/2026\/06\/vemrent-poi-wiki-circo-massimo.jpg\" style=\"display:block;padding:12px 14px;border:1px solid #e8e8e8;border-radius:10px;text-decoration:none;color:#26215C;font-weight:600;background:#fff\"><i class=\"fa fa-wheelchair\" style=\"color:#3a7230;margin-right:7px\"><\/i>Pantheon<\/a><a href=\"https:\/\/www.vemrent.com\/de\/roma-accessibile\/musei-vaticani\/\" style=\"display:block;padding:12px 14px;border:1px solid #e8e8e8;border-radius:10px;text-decoration:none;color:#26215C;font-weight:600;background:#fff\"><i class=\"fa fa-wheelchair\" style=\"color:#3a7230;margin-right:7px\"><\/i>Parco degli Aranci<\/a><a href=\"https:\/\/www.vemrent.com\/de\/roma-accessibile\/villa-borghese\/\" style=\"display:block;padding:12px 14px;border:1px solid #e8e8e8;border-radius:10px;text-decoration:none;color:#26215C;font-weight:600;background:#fff\"><i class=\"fa fa-wheelchair\" style=\"color:#3a7230;margin-right:7px\"><\/i>Piazza del Popolo<\/a><a href=\"https:\/\/www.vemrent.com\/de\/roma-accessibile\/circo-massimo\/\" style=\"display:block;padding:12px 14px;border:1px solid #e8e8e8;border-radius:10px;text-decoration:none;color:#26215C;font-weight:600;background:#fff\"><i class=\"fa fa-wheelchair\" style=\"color:#3a7230;margin-right:7px\"><\/i>Spanische Treppe<\/a><a href=\"https:\/\/www.vemrent.com\/de\/roma-accessibile\/piazza-del-popolo\/\" style=\"display:block;padding:12px 14px;border:1px solid #e8e8e8;border-radius:10px;text-decoration:none;color:#26215C;font-weight:600;background:#fff\"><i class=\"fa fa-wheelchair\" style=\"color:#3a7230;margin-right:7px\"><\/i>Piazza Navona<\/a><a href=\"https:\/\/www.vemrent.com\/de\/roma-accessibile\/bocca-della-verita\/\" style=\"display:block;padding:12px 14px;border:1px solid #e8e8e8;border-radius:10px;text-decoration:none;color:#26215C;font-weight:600;background:#fff\"><i class=\"fa fa-wheelchair\" style=\"color:#3a7230;margin-right:7px\"><\/i>Piazza Venezia<\/a><a href=\"https:\/\/www.vemrent.com\/wp-content\/uploads\/2026\/06\/vemrent-poi-wiki-trastevere.jpg\" style=\"display:block;padding:12px 14px;border:1px solid #e8e8e8;border-radius:10px;text-decoration:none;color:#26215C;font-weight:600;background:#fff\"><i class=\"fa fa-wheelchair\" style=\"color:#3a7230;margin-right:7px\"><\/i>Caracalla-Thermen<\/a><a href=\"https:\/\/www.vemrent.com\/de\/roma-accessibile\/basilica-di-san-paolo\/\" style=\"display:block;padding:12px 14px;border:1px solid #e8e8e8;border-radius:10px;text-decoration:none;color:#26215C;font-weight:600;background:#fff\"><i class=\"fa fa-wheelchair\" style=\"color:#3a7230;margin-right:7px\"><\/i>Trastevere<\/a><a href=\"https:\/\/www.vemrent.com\/wp-content\/uploads\/2026\/06\/vemrent-poi-wiki-pantheon.jpg\" style=\"display:block;padding:12px 14px;border:1px solid #e8e8e8;border-radius:10px;text-decoration:none;color:#26215C;font-weight:600;background:#fff\"><i class=\"fa fa-wheelchair\" style=\"color:#3a7230;margin-right:7px\"><\/i>Via Appia Antica<\/a><a href=\"https:\/\/www.vemrent.com\/de\/roma-accessibile\/basilica-di-san-pietro\/\" style=\"display:block;padding:12px 14px;border:1px solid #e8e8e8;border-radius:10px;text-decoration:none;color:#26215C;font-weight:600;background:#fff\"><i class=\"fa fa-wheelchair\" style=\"color:#3a7230;margin-right:7px\"><\/i>Villa Borghese<\/a><\/div>\n<div style=\"background:#EEEDFE;border-radius:12px;padding:18px 20px;margin-top:1.5rem\">\n<p style=\"font-family:Inter,sans-serif;font-weight:700;color:#26215C;font-size:1.15em;margin:0 0 10px\">Planen Sie Ihren barrierefreien Besuch<\/p>\n<p style=\"margin:0 0 12px;color:#444\">Leihen Sie einen Rollstuhl oder einen Elektroroller, w\u00e4hlen Sie eine barrierefreie Unterkunft in der N\u00e4he der Sehensw\u00fcrdigkeiten oder buchen Sie einen T\u00fcr-zu-T\u00fcr-Transfer.<\/p>\n<div style=\"display:flex;gap:9px;flex-wrap:wrap\"><a href=\"https:\/\/www.vemrent.com\/de\/rollstuhlgerechte-hotels-rom\/\" style=\"background:#3a7230;color:#fff;text-decoration:none;font-weight:600;padding:10px 16px;border-radius:8px\">Barrierefreie Unterk\u00fcnfte<\/a><a href=\"https:\/\/www.vemrent.com\/de\/rollstuhl-verleih-rom\/\" style=\"background:#fff;border:1px solid #cecbf6;color:#26215C;text-decoration:none;font-weight:600;padding:10px 16px;border-radius:8px\">Hilfsmittel ausleihen<\/a><a href=\"https:\/\/www.vemrent.com\/de\/barrierefreie-transportdienste-fur-menschen-mit-behinderung-und-eingeschrankter-mobilitat\/\" style=\"background:#fff;border:1px solid #cecbf6;color:#26215C;text-decoration:none;font-weight:600;padding:10px 16px;border-radius:8px\">Barrierefreier Transfer<\/a><\/div>\n<\/div>\n","protected":false},"excerpt":{"rendered":"<p>VemRent hat die wichtigsten Sehensw\u00fcrdigkeiten Roms unter dem Gesichtspunkt der Barrierefreiheit erfasst: mit allen wichtigen Informationen zum Rollstuhlzugang in Rom, Verg\u00fcnstigungen f\u00fcr Besucher mit Behinderung, Eintrittspreise und Anreisem\u00f6glichkeiten. Ein praktischer Reisef\u00fchrer, um den Aufenthalt in Rom auch mit eingeschr\u00e4nkter Mobilit\u00e4t entspannt zu planen. Barrierefreie Sehensw\u00fcrdigkeiten in Rom Basilika San PaoloPetersbasilikaBocca della Verit\u00e0Campo de&#8217; FioriEngelsburgKatakombenCircus MaximusKolosseumTrevi-BrunnenForum [&#8230;]\n","protected":false},"author":0,"featured_media":0,"parent":0,"menu_order":0,"comment_status":"closed","ping_status":"closed","template":"page-blank-title-center.php","meta":{"_acf_changed":false,"footnotes":""},"class_list":["post-15537","page","type-page","status-publish","hentry"],"acf":[],"yoast_head":"<!-- This site is optimized with the Yoast SEO plugin v28.3 - https:\/\/yoast.com\/product\/yoast-seo-wordpress\/ -->\n<title>Rom barrierefrei: Sehensw\u00fcrdigkeiten mit Rollstuhl<\/title>\n<meta name=\"description\" content=\"Ist Rom barrierefrei? Zug\u00e4nglichkeit der wichtigsten Sehensw\u00fcrdigkeiten, Erm\u00e4\u00dfigungen und Anfahrt im \u00dcberblick: die \u00dcbersicht von VemRent.\" \/>\n<meta name=\"robots\" content=\"index, follow, max-snippet:-1, max-image-preview:large, max-video-preview:-1\" \/>\n<link rel=\"canonical\" href=\"https:\/\/www.vemrent.com\/de\/roma-accessibile\/\" \/>\n<meta property=\"og:locale\" content=\"de_DE\" \/>\n<meta property=\"og:type\" content=\"article\" \/>\n<meta property=\"og:title\" content=\"Rom barrierefrei: Sehensw\u00fcrdigkeiten mit Rollstuhl\" \/>\n<meta property=\"og:description\" content=\"Ist Rom barrierefrei? Zug\u00e4nglichkeit der wichtigsten Sehensw\u00fcrdigkeiten, Erm\u00e4\u00dfigungen und Anfahrt im \u00dcberblick: die \u00dcbersicht von VemRent.\" \/>\n<meta property=\"og:url\" content=\"https:\/\/www.vemrent.com\/de\/roma-accessibile\/\" \/>\n<meta property=\"og:site_name\" content=\"VEM Vermietung mit Lieferung\" \/>\n<meta property=\"article:publisher\" content=\"https:\/\/www.facebook.com\/vemelettromedicali\/\" \/>\n<meta property=\"article:modified_time\" content=\"2026-08-17T14:24:26+00:00\" \/>\n<meta name=\"twitter:label1\" content=\"Gesch\u00e4tzte Lesezeit\" \/>\n\t<meta name=\"twitter:data1\" content=\"1\u00a0Minute\" \/>\n<script type=\"application\/ld+json\" class=\"yoast-schema-graph\">{\"@context\":\"https:\\\/\\\/schema.org\",\"@graph\":[{\"@type\":\"WebPage\",\"@id\":\"https:\\\/\\\/www.vemrent.com\\\/de\\\/roma-accessibile\\\/\",\"url\":\"https:\\\/\\\/www.vemrent.com\\\/de\\\/roma-accessibile\\\/\",\"name\":\"Rom barrierefrei: Sehensw\u00fcrdigkeiten mit Rollstuhl\",\"isPartOf\":{\"@id\":\"https:\\\/\\\/www.vemrent.com\\\/#website\"},\"datePublished\":\"2026-08-02T20:35:13+00:00\",\"dateModified\":\"2026-08-17T14:24:26+00:00\",\"description\":\"Ist Rom barrierefrei? Zug\u00e4nglichkeit der wichtigsten Sehensw\u00fcrdigkeiten, Erm\u00e4\u00dfigungen und Anfahrt im \u00dcberblick: die \u00dcbersicht von VemRent.\",\"breadcrumb\":{\"@id\":\"https:\\\/\\\/www.vemrent.com\\\/de\\\/roma-accessibile\\\/#breadcrumb\"},\"inLanguage\":\"de\",\"potentialAction\":[{\"@type\":\"ReadAction\",\"target\":[\"https:\\\/\\\/www.vemrent.com\\\/de\\\/roma-accessibile\\\/\"]}]},{\"@type\":\"BreadcrumbList\",\"@id\":\"https:\\\/\\\/www.vemrent.com\\\/de\\\/roma-accessibile\\\/#breadcrumb\",\"itemListElement\":[{\"@type\":\"ListItem\",\"position\":1,\"name\":\"Home\",\"item\":\"https:\\\/\\\/www.vemrent.com\\\/de\\\/\"},{\"@type\":\"ListItem\",\"position\":2,\"name\":\"Rom Rollstuhl Zugang: Tipps f\u00fcr barrierefreies Reisen\"}]},{\"@type\":\"WebSite\",\"@id\":\"https:\\\/\\\/www.vemrent.com\\\/#website\",\"url\":\"https:\\\/\\\/www.vemrent.com\\\/\",\"name\":\"VEM Vermietung mit Lieferung\",\"description\":\"Vermietung von Mobilit\u00e4ts- und Reha-Hilfsmitteln\",\"publisher\":{\"@id\":\"https:\\\/\\\/www.vemrent.com\\\/#organization\"},\"potentialAction\":[{\"@type\":\"SearchAction\",\"target\":{\"@type\":\"EntryPoint\",\"urlTemplate\":\"https:\\\/\\\/www.vemrent.com\\\/?s={search_term_string}\"},\"query-input\":{\"@type\":\"PropertyValueSpecification\",\"valueRequired\":true,\"valueName\":\"search_term_string\"}}],\"inLanguage\":\"de\"},{\"@type\":\"Organization\",\"@id\":\"https:\\\/\\\/www.vemrent.com\\\/#organization\",\"name\":\"VEM\",\"url\":\"https:\\\/\\\/www.vemrent.com\\\/\",\"logo\":{\"@type\":\"ImageObject\",\"inLanguage\":\"de\",\"@id\":\"https:\\\/\\\/www.vemrent.com\\\/#\\\/schema\\\/logo\\\/image\\\/\",\"url\":\"https:\\\/\\\/www.vemrent.com\\\/wp-content\\\/uploads\\\/2018\\\/02\\\/VEM_190x60.png\",\"contentUrl\":\"https:\\\/\\\/www.vemrent.com\\\/wp-content\\\/uploads\\\/2018\\\/02\\\/VEM_190x60.png\",\"width\":190,\"height\":52,\"caption\":\"VEM\"},\"image\":{\"@id\":\"https:\\\/\\\/www.vemrent.com\\\/#\\\/schema\\\/logo\\\/image\\\/\"},\"sameAs\":[\"https:\\\/\\\/www.facebook.com\\\/vemelettromedicali\\\/\",\"https:\\\/\\\/x.com\\\/vemrent_italy\",\"https:\\\/\\\/www.instagram.com\\\/vemrent\\\/\",\"https:\\\/\\\/www.linkedin.com\\\/company\\\/vemrent\\\/\",\"https:\\\/\\\/www.youtube.com\\\/channel\\\/UCVPNGLNXXMw1r2bP0BUNFwg\\\/featured\"]}]}<\/script>\n<!-- \/ Yoast SEO plugin. -->","yoast_head_json":{"title":"Rom barrierefrei: Sehensw\u00fcrdigkeiten mit Rollstuhl","description":"Ist Rom barrierefrei? Zug\u00e4nglichkeit der wichtigsten Sehensw\u00fcrdigkeiten, Erm\u00e4\u00dfigungen und Anfahrt im \u00dcberblick: die \u00dcbersicht von VemRent.","robots":{"index":"index","follow":"follow","max-snippet":"max-snippet:-1","max-image-preview":"max-image-preview:large","max-video-preview":"max-video-preview:-1"},"canonical":"https:\/\/www.vemrent.com\/de\/roma-accessibile\/","og_locale":"de_DE","og_type":"article","og_title":"Rom barrierefrei: Sehensw\u00fcrdigkeiten mit Rollstuhl","og_description":"Ist Rom barrierefrei? Zug\u00e4nglichkeit der wichtigsten Sehensw\u00fcrdigkeiten, Erm\u00e4\u00dfigungen und Anfahrt im \u00dcberblick: die \u00dcbersicht von VemRent.","og_url":"https:\/\/www.vemrent.com\/de\/roma-accessibile\/","og_site_name":"VEM Vermietung mit Lieferung","article_publisher":"https:\/\/www.facebook.com\/vemelettromedicali\/","article_modified_time":"2026-08-17T14:24:26+00:00","twitter_misc":{"Gesch\u00e4tzte Lesezeit":"1\u00a0Minute"},"schema":{"@context":"https:\/\/schema.org","@graph":[{"@type":"WebPage","@id":"https:\/\/www.vemrent.com\/de\/roma-accessibile\/","url":"https:\/\/www.vemrent.com\/de\/roma-accessibile\/","name":"Rom barrierefrei: Sehensw\u00fcrdigkeiten mit Rollstuhl","isPartOf":{"@id":"https:\/\/www.vemrent.com\/#website"},"datePublished":"2026-08-02T20:35:13+00:00","dateModified":"2026-08-17T14:24:26+00:00","description":"Ist Rom barrierefrei? Zug\u00e4nglichkeit der wichtigsten Sehensw\u00fcrdigkeiten, Erm\u00e4\u00dfigungen und Anfahrt im \u00dcberblick: die \u00dcbersicht von VemRent.","breadcrumb":{"@id":"https:\/\/www.vemrent.com\/de\/roma-accessibile\/#breadcrumb"},"inLanguage":"de","potentialAction":[{"@type":"ReadAction","target":["https:\/\/www.vemrent.com\/de\/roma-accessibile\/"]}]},{"@type":"BreadcrumbList","@id":"https:\/\/www.vemrent.com\/de\/roma-accessibile\/#breadcrumb","itemListElement":[{"@type":"ListItem","position":1,"name":"Home","item":"https:\/\/www.vemrent.com\/de\/"},{"@type":"ListItem","position":2,"name":"Rom Rollstuhl Zugang: Tipps f\u00fcr barrierefreies Reisen"}]},{"@type":"WebSite","@id":"https:\/\/www.vemrent.com\/#website","url":"https:\/\/www.vemrent.com\/","name":"VEM Vermietung mit Lieferung","description":"Vermietung von Mobilit\u00e4ts- und Reha-Hilfsmitteln","publisher":{"@id":"https:\/\/www.vemrent.com\/#organization"},"potentialAction":[{"@type":"SearchAction","target":{"@type":"EntryPoint","urlTemplate":"https:\/\/www.vemrent.com\/?s={search_term_string}"},"query-input":{"@type":"PropertyValueSpecification","valueRequired":true,"valueName":"search_term_string"}}],"inLanguage":"de"},{"@type":"Organization","@id":"https:\/\/www.vemrent.com\/#organization","name":"VEM","url":"https:\/\/www.vemrent.com\/","logo":{"@type":"ImageObject","inLanguage":"de","@id":"https:\/\/www.vemrent.com\/#\/schema\/logo\/image\/","url":"https:\/\/www.vemrent.com\/wp-content\/uploads\/2018\/02\/VEM_190x60.png","contentUrl":"https:\/\/www.vemrent.com\/wp-content\/uploads\/2018\/02\/VEM_190x60.png","width":190,"height":52,"caption":"VEM"},"image":{"@id":"https:\/\/www.vemrent.com\/#\/schema\/logo\/image\/"},"sameAs":["https:\/\/www.facebook.com\/vemelettromedicali\/","https:\/\/x.com\/vemrent_italy","https:\/\/www.instagram.com\/vemrent\/","https:\/\/www.linkedin.com\/company\/vemrent\/","https:\/\/www.youtube.com\/channel\/UCVPNGLNXXMw1r2bP0BUNFwg\/featured"]}]}},"_links":{"self":[{"href":"https:\/\/www.vemrent.com\/de\/wp-json\/wp\/v2\/pages\/15537","targetHints":{"allow":["GET"]}}],"collection":[{"href":"https:\/\/www.vemrent.com\/de\/wp-json\/wp\/v2\/pages"}],"about":[{"href":"https:\/\/www.vemrent.com\/de\/wp-json\/wp\/v2\/types\/page"}],"replies":[{"embeddable":true,"href":"https:\/\/www.vemrent.com\/de\/wp-json\/wp\/v2\/comments?post=15537"}],"version-history":[{"count":1,"href":"https:\/\/www.vemrent.com\/de\/wp-json\/wp\/v2\/pages\/15537\/revisions"}],"predecessor-version":[{"id":18491,"href":"https:\/\/www.vemrent.com\/de\/wp-json\/wp\/v2\/pages\/15537\/revisions\/18491"}],"wp:attachment":[{"href":"https:\/\/www.vemrent.com\/de\/wp-json\/wp\/v2\/media?parent=15537"}],"curies":[{"name":"wp","href":"https:\/\/api.w.org\/{rel}","templated":true}]}}